{"id":39836,"date":"2025-02-06T14:12:55","date_gmt":"2025-02-06T14:12:55","guid":{"rendered":"https:\/\/compass-realestate.hr\/property\/prekrasan-stan-spinut-split-48-00-m2-iznajmljivanje\/"},"modified":"2025-02-06T14:18:58","modified_gmt":"2025-02-06T14:18:58","slug":"prekrasan-stan-spinut-split-48-00-m2-iznajmljivanje","status":"publish","type":"property","link":"https:\/\/compass.hr\/de\/property\/prekrasan-stan-spinut-split-48-00-m2-iznajmljivanje\/","title":{"rendered":"Wundersch\u00f6ne Wohnung, Spinut, Split, 48,00 m\u00b2 (zur Miete)"},"content":{"rendered":"<p>Eine wundersch\u00f6ne, lichtdurchflutete Wohnung in Spinut wird zur Miete angeboten. Sie besteht aus einem Schlafzimmer, einem Flur, einem Badezimmer und einem Wohnbereich; einer K\u00fcche, einem Esszimmer und einem Wohnzimmer, das in einen Balkon \u00fcbergeht, von dem aus man einen Blick auf einen sch\u00f6nen Garten und st\u00e4dtische Aussichten hat. Sie befindet sich im 5. Stock eines Geb\u00e4udes mit Aufzug und ist komplett m\u00f6bliert und ausgestattet.<br \/>\nRufen Sie uns an, um einen Besichtigungstermin zu vereinbaren: Handy +385 91 607 56 27 oder E-Mail: maja@compass.hr<\/p>\n","protected":false},"excerpt":{"rendered":"<p>Eine wundersch\u00f6ne, lichtdurchflutete Wohnung in Spinut wird zur Miete angeboten. Sie besteht aus einem Schlafzimmer, einem Flur, einem Badezimmer und einem Wohnbereich; einer K\u00fcche, einem Esszimmer und einem Wohnzimmer, das in einen Balkon \u00fcbergeht, von dem aus man einen Blick auf einen sch\u00f6nen Garten und st\u00e4dtische Aussichten hat. Sie befindet sich im 5. Stock eines [&hellip;]<\/p>\n","protected":false},"author":3,"featured_media":39745,"parent":0,"menu_order":0,"template":"","property_type":[433],"property_status":[1334],"property_feature":[456,602,447,445,454,448,457,574,628,458,625],"property_label":[1178],"property_state":[468],"property_city":[481],"property_area":[970],"class_list":["post-39836","property","type-property","status-publish","has-post-thumbnail","hentry","property_type-wohnung","property_status-prodano-de","property_feature-aufzug","property_feature-duschkabine","property_feature-flachbildfernseher","property_feature-hof","property_feature-klimaanlage-de","property_feature-kuhlschrank","property_feature-mikrowelle","property_feature-schoner-garten","property_feature-separater-eingang-zum-gebaude","property_feature-waschmaschine","property_feature-wifi-de","property_label-vermietet","property_state-splitsko-dalmatinska-de","property_city-split-de-2","property_area-spinut-de"],"property_meta":{"rank_math_analytic_object_id":["1323"],"rank_math_internal_links_processed":["1"],"rank_math_seo_score":["9"],"rank_math_contentai_score":["a:5:{s:8:\"keywords\";s:5:\"74.51\";s:9:\"wordCount\";s:1:\"0\";s:9:\"linkCount\";s:1:\"0\";s:12:\"headingCount\";s:1:\"0\";s:10:\"mediaCount\";s:1:\"0\";}"],"fave_show_price_placeholder":["0"],"fave_loggedintoview":["0"],"fave_agent_display_option":["author_info"],"fave_prop_homeslider":["no"],"_houzez_expiration_date_status":["saved"],"_wpml_media_duplicate":["1"],"_wpml_media_featured":["1"],"_wpml_word_count":["{\"total\":90,\"to_translate\":{\"cs\":90,\"en\":90,\"de\":90,\"it\":90,\"pl\":90,\"uk\":90}}"],"_edit_lock":["1738851506:3"],"_edit_last":["3"],"houzez_geolocation_lat":["43.5145952"],"houzez_geolocation_long":["16.4313131"],"fave_property_images":["39770","39742","39714","39721","39679","39812","39686","39693","39749","39756","39763","39805","39777","39791","39798","39819","39826"],"cmplz_hide_cookiebanner":[""],"rank_math_primary_property_type":["0"],"rank_math_primary_property_status":["0"],"rank_math_primary_property_feature":["0"],"rank_math_primary_property_label":["0"],"rank_math_primary_property_state":["0"],"rank_math_primary_property_city":["0"],"rank_math_primary_property_area":["0"],"houzez_manual_expire":["0"],"fave_property_price":["700 EUR","700 EUR"],"fave_property_size":["48"],"fave_property_size_prefix":["m2"],"fave_property_bedrooms":["1"],"fave_property_bathrooms":["1"],"fave_property_map":["0"],"fave_property_map_address":["Spinut, Split, Grad Split, Splitsko-dalmatinska \u017eupanija, Hrvatska"],"fave_property_location":["43.5145952,16.4313131,15"],"fave_property_map_street_view":["hide"],"fave_featured":["1"],"houzez_featured_listing_date":["2025-02-06 14:18:58"],"fave_single_top_area":["global"],"fave_single_content_area":["global"],"fave_kat":["5."],"fave_tip-stana":["U zgradi"],"fave_agencijska-provizija":["700 EUR"],"fave_broj-etac5bea":["Jednoeta\u017eni"],"fave_namjec5a1tenost-i-stanje":["Potpuno namje\u0161ten"],"fave_orijentacija":["Zapad"],"fave_parking":["Javni"],"fave_rec5beije":["Samostalno"],"_last_translation_edit_mode":["native-editor","native-editor"],"houzez_total_property_views":["190"],"houzez_views_by_date":["a:61:{s:10:\"10-07-2025\";i:1;s:10:\"10-12-2025\";i:1;s:10:\"10-15-2025\";i:1;s:10:\"10-16-2025\";i:1;s:10:\"10-17-2025\";i:1;s:10:\"10-26-2025\";i:1;s:10:\"11-01-2025\";i:1;s:10:\"11-07-2025\";i:1;s:10:\"11-09-2025\";i:1;s:10:\"11-10-2025\";i:1;s:10:\"11-13-2025\";i:2;s:10:\"11-14-2025\";i:1;s:10:\"11-15-2025\";i:2;s:10:\"11-17-2025\";i:1;s:10:\"11-19-2025\";i:1;s:10:\"11-20-2025\";i:1;s:10:\"11-27-2025\";i:1;s:10:\"11-29-2025\";i:1;s:10:\"12-03-2025\";i:1;s:10:\"12-11-2025\";i:2;s:10:\"12-16-2025\";i:1;s:10:\"12-22-2025\";i:1;s:10:\"12-27-2025\";i:1;s:10:\"01-01-2026\";i:1;s:10:\"01-02-2026\";i:1;s:10:\"01-06-2026\";i:1;s:10:\"01-08-2026\";i:1;s:10:\"01-13-2026\";i:1;s:10:\"01-15-2026\";i:1;s:10:\"01-18-2026\";i:1;s:10:\"01-20-2026\";i:1;s:10:\"01-21-2026\";i:1;s:10:\"01-25-2026\";i:1;s:10:\"01-30-2026\";i:1;s:10:\"01-31-2026\";i:1;s:10:\"02-02-2026\";i:1;s:10:\"02-05-2026\";i:2;s:10:\"02-10-2026\";i:1;s:10:\"02-12-2026\";i:1;s:10:\"02-19-2026\";i:1;s:10:\"03-02-2026\";i:1;s:10:\"03-03-2026\";i:1;s:10:\"03-06-2026\";i:1;s:10:\"03-09-2026\";i:1;s:10:\"03-10-2026\";i:1;s:10:\"03-15-2026\";i:1;s:10:\"03-19-2026\";i:1;s:10:\"03-21-2026\";i:1;s:10:\"03-22-2026\";i:1;s:10:\"03-25-2026\";i:1;s:10:\"03-27-2026\";i:1;s:10:\"03-29-2026\";i:1;s:10:\"04-02-2026\";i:1;s:10:\"04-03-2026\";i:1;s:10:\"04-08-2026\";i:1;s:10:\"04-12-2026\";i:1;s:10:\"04-14-2026\";i:1;s:10:\"04-19-2026\";i:2;s:10:\"04-22-2026\";i:1;s:10:\"04-23-2026\";i:1;s:10:\"04-30-2026\";i:1;}"],"houzez_recently_viewed":["2026-04-30 18:32:59"],"_thumbnail_id":["39745"],"fave_godina-renoviranja":["2022"],"fave_balkon-loc491a-terasa":["Lo\u0111a"],"fave_dostupno-od":["01.11.2025."],"fave_ukupni-broj-katova":["5"]},"_links":{"self":[{"href":"https:\/\/compass.hr\/de\/wp-json\/wp\/v2\/properties\/39836","targetHints":{"allow":["GET"]}}],"collection":[{"href":"https:\/\/compass.hr\/de\/wp-json\/wp\/v2\/properties"}],"about":[{"href":"https:\/\/compass.hr\/de\/wp-json\/wp\/v2\/types\/property"}],"author":[{"embeddable":true,"href":"https:\/\/compass.hr\/de\/wp-json\/wp\/v2\/users\/3"}],"version-history":[{"count":0,"href":"https:\/\/compass.hr\/de\/wp-json\/wp\/v2\/properties\/39836\/revisions"}],"wp:featuredmedia":[{"embeddable":true,"href":"https:\/\/compass.hr\/de\/wp-json\/wp\/v2\/media\/39745"}],"wp:attachment":[{"href":"https:\/\/compass.hr\/de\/wp-json\/wp\/v2\/media?parent=39836"}],"wp:term":[{"taxonomy":"property_type","embeddable":true,"href":"https:\/\/compass.hr\/de\/wp-json\/wp\/v2\/property_type?post=39836"},{"taxonomy":"property_status","embeddable":true,"href":"https:\/\/compass.hr\/de\/wp-json\/wp\/v2\/property_status?post=39836"},{"taxonomy":"property_feature","embeddable":true,"href":"https:\/\/compass.hr\/de\/wp-json\/wp\/v2\/property_feature?post=39836"},{"taxonomy":"property_label","embeddable":true,"href":"https:\/\/compass.hr\/de\/wp-json\/wp\/v2\/property_label?post=39836"},{"taxonomy":"property_state","embeddable":true,"href":"https:\/\/compass.hr\/de\/wp-json\/wp\/v2\/property_state?post=39836"},{"taxonomy":"property_city","embeddable":true,"href":"https:\/\/compass.hr\/de\/wp-json\/wp\/v2\/property_city?post=39836"},{"taxonomy":"property_area","embeddable":true,"href":"https:\/\/compass.hr\/de\/wp-json\/wp\/v2\/property_area?post=39836"}],"curies":[{"name":"wp","href":"https:\/\/api.w.org\/{rel}","templated":true}]}}