{"id":36767,"date":"2024-09-24T17:40:50","date_gmt":"2024-09-24T17:40:50","guid":{"rendered":"https:\/\/compass-realestate.hr\/property\/prekrasan-stan-zagreb-crnomerec-97-00-m2-iznajmljivanje\/"},"modified":"2024-09-25T08:07:18","modified_gmt":"2024-09-25T08:07:18","slug":"prekrasan-stan-zagreb-crnomerec-97-00-m2-iznajmljivanje","status":"publish","type":"property","link":"https:\/\/compass.hr\/de\/property\/prekrasan-stan-zagreb-crnomerec-97-00-m2-iznajmljivanje\/","title":{"rendered":"Wundersch\u00f6nes Penthouse: Zagreb (\u010crnomerec), 115,00 m\u00b2 (zur Miete)"},"content":{"rendered":"<p>Wir vermitteln die Vermietung einer wundersch\u00f6nen Wohnung in einem Wohngeb\u00e4ude in der Vinogradska Stra\u00dfe. Die Wohnung erstreckt sich \u00fcber 115 m\u00b2 und besteht aus einem Flur, zwei Schlafzimmern, einem begehbaren Kleiderschrank, zwei Badezimmern, einem gro\u00dfz\u00fcgigen Open-Space-Wohnbereich, einer K\u00fcche, einem Esszimmer und einem Wohnzimmer. Sie ist vollst\u00e4ndig ausgestattet und mit sorgf\u00e4ltig ausgew\u00e4hlten M\u00f6belst\u00fccken eingerichtet. Zur Wohnung geh\u00f6ren eine Garage und ein Au\u00dfenparkplatz. Sie befindet sich in einer ruhigen Umgebung, die ideal f\u00fcr das Arbeiten von zu Hause ist, und ist nur wenige Minuten zu Fu\u00df von Gesch\u00e4ften, Restaurants und der Ilica entfernt.<br \/>\nF\u00fcr weitere Details und zur Vereinbarung eines Besichtigungstermins kontaktieren Sie uns bitte unter +385 91 607 56 27 oder per E-Mail: maja@compass.hr<\/p>\n","protected":false},"excerpt":{"rendered":"<p>Wir vermitteln die Vermietung einer wundersch\u00f6nen Wohnung in einem Wohngeb\u00e4ude in der Vinogradska Stra\u00dfe. Die Wohnung erstreckt sich \u00fcber 115 m\u00b2 und besteht aus einem Flur, zwei Schlafzimmern, einem begehbaren Kleiderschrank, zwei Badezimmern, einem gro\u00dfz\u00fcgigen Open-Space-Wohnbereich, einer K\u00fcche, einem Esszimmer und einem Wohnzimmer. Sie ist vollst\u00e4ndig ausgestattet und mit sorgf\u00e4ltig ausgew\u00e4hlten M\u00f6belst\u00fccken eingerichtet. Zur Wohnung [&hellip;]<\/p>\n","protected":false},"author":3,"featured_media":38345,"parent":0,"menu_order":0,"template":"","property_type":[433],"property_status":[],"property_feature":[602,447,570,459,454,448,457,574,628,578,458,625],"property_label":[462],"property_state":[1111],"property_city":[1112],"property_area":[1252],"class_list":["post-36767","property","type-property","status-publish","has-post-thumbnail","hentry","property_type-wohnung","property_feature-duschkabine","property_feature-flachbildfernseher","property_feature-gegensprechanlage","property_feature-geschirrspuler","property_feature-klimaanlage-de","property_feature-kuhlschrank","property_feature-mikrowelle","property_feature-schoner-garten","property_feature-separater-eingang-zum-gebaude","property_feature-sicherheitstur","property_feature-waschmaschine","property_feature-wifi-de","property_label-exklusiv","property_state-grad-zagreb-de","property_city-zagreb-de","property_area-crnomerec-de"],"property_meta":{"rank_math_analytic_object_id":["1149"],"_wpml_word_count":["{\"total\":118,\"to_translate\":{\"cs\":118,\"en\":118,\"de\":118,\"it\":118,\"pl\":118,\"uk\":118}}"],"rank_math_internal_links_processed":["1"],"rank_math_seo_score":["10"],"fave_show_price_placeholder":["0"],"fave_loggedintoview":["0"],"fave_agent_display_option":["author_info"],"fave_prop_homeslider":["no"],"_houzez_expiration_date_status":["saved"],"_wpml_media_duplicate":["1"],"_wpml_media_featured":["1"],"houzez_geolocation_lat":["45.8273818"],"houzez_geolocation_long":["15.9335542"],"_thumbnail_id":["38345"],"_edit_lock":["1727251501:3"],"_edit_last":["3"],"cmplz_hide_cookiebanner":[""],"rank_math_primary_property_type":["0"],"rank_math_primary_property_status":["0"],"rank_math_primary_property_feature":["0"],"rank_math_primary_property_label":["0"],"rank_math_primary_property_state":["0"],"rank_math_primary_property_city":["0"],"rank_math_primary_property_area":["0"],"houzez_manual_expire":["0"],"houzez_featured_listing_date":["2024-09-25 08:07:18"],"_last_translation_edit_mode":["native-editor"],"houzez_total_property_views":["229"],"houzez_views_by_date":["a:61:{s:10:\"10-21-2025\";i:1;s:10:\"10-22-2025\";i:1;s:10:\"10-26-2025\";i:1;s:10:\"10-29-2025\";i:1;s:10:\"11-04-2025\";i:1;s:10:\"11-09-2025\";i:1;s:10:\"11-10-2025\";i:2;s:10:\"11-13-2025\";i:1;s:10:\"11-14-2025\";i:1;s:10:\"11-15-2025\";i:1;s:10:\"11-17-2025\";i:1;s:10:\"11-18-2025\";i:1;s:10:\"11-20-2025\";i:1;s:10:\"11-24-2025\";i:1;s:10:\"11-25-2025\";i:1;s:10:\"11-27-2025\";i:1;s:10:\"12-04-2025\";i:1;s:10:\"12-05-2025\";i:1;s:10:\"12-07-2025\";i:1;s:10:\"12-08-2025\";i:1;s:10:\"12-11-2025\";i:1;s:10:\"12-17-2025\";i:1;s:10:\"12-18-2025\";i:1;s:10:\"12-22-2025\";i:1;s:10:\"12-23-2025\";i:1;s:10:\"12-28-2025\";i:1;s:10:\"01-02-2026\";i:2;s:10:\"01-06-2026\";i:1;s:10:\"01-07-2026\";i:1;s:10:\"01-08-2026\";i:1;s:10:\"01-13-2026\";i:1;s:10:\"01-14-2026\";i:1;s:10:\"01-19-2026\";i:1;s:10:\"01-20-2026\";i:1;s:10:\"01-25-2026\";i:1;s:10:\"01-27-2026\";i:1;s:10:\"01-30-2026\";i:1;s:10:\"01-31-2026\";i:1;s:10:\"02-05-2026\";i:1;s:10:\"02-06-2026\";i:1;s:10:\"02-12-2026\";i:1;s:10:\"02-16-2026\";i:1;s:10:\"02-17-2026\";i:1;s:10:\"02-19-2026\";i:1;s:10:\"03-02-2026\";i:1;s:10:\"03-03-2026\";i:1;s:10:\"03-04-2026\";i:2;s:10:\"03-09-2026\";i:1;s:10:\"03-10-2026\";i:1;s:10:\"03-15-2026\";i:2;s:10:\"03-21-2026\";i:1;s:10:\"03-27-2026\";i:1;s:10:\"03-29-2026\";i:1;s:10:\"04-02-2026\";i:1;s:10:\"04-03-2026\";i:1;s:10:\"04-08-2026\";i:1;s:10:\"04-14-2026\";i:1;s:10:\"04-16-2026\";i:1;s:10:\"04-18-2026\";i:1;s:10:\"04-19-2026\";i:2;s:10:\"04-25-2026\";i:1;}"],"houzez_recently_viewed":["2026-04-25 07:11:36"],"fave_property_size":["115"],"fave_property_size_prefix":["m2"],"fave_property_bedrooms":["2"],"fave_property_bathrooms":["2"],"fave_property_garage":["1"],"fave_property_map":["0"],"fave_property_map_address":["Gradska \u010detvrt \u010crnomerec, Zagreb, Grad Zagreb, Hrvatska"],"fave_property_location":["45.8273818,15.9335542,15"],"fave_property_map_street_view":["hide"],"fave_featured":["1"],"fave_single_top_area":["global"],"fave_single_content_area":["global"],"fave_godina-renoviranja":["2023"],"fave_dostupno-od":["01.10.2024."],"fave_kat":["3."],"fave_tip-stana":["U zgradi"],"fave_ukupni-broj-katova":["3"],"fave_broj-etac5bea":["Jednoeta\u017eni"],"fave_namjec5a1tenost-i-stanje":["Potpuno namje\u0161ten"],"fave_orijentacija":["Zapad"],"fave_parking":["Gara\u017ea"],"fave_rec5beije":["Samostalno"],"fave_property_images":["38286","38349","38293","38342","38356","38328","38335","38321","38300","38307","38314","38363","38370","38377","38384","38391","38398","38405","38412","38419","38426","38433","38440","38447","38454","38461","38468","38475"],"fave_property_price":["1350 EUR"],"fave_agencijska-provizija":["1350 EUR"]},"_links":{"self":[{"href":"https:\/\/compass.hr\/de\/wp-json\/wp\/v2\/properties\/36767","targetHints":{"allow":["GET"]}}],"collection":[{"href":"https:\/\/compass.hr\/de\/wp-json\/wp\/v2\/properties"}],"about":[{"href":"https:\/\/compass.hr\/de\/wp-json\/wp\/v2\/types\/property"}],"author":[{"embeddable":true,"href":"https:\/\/compass.hr\/de\/wp-json\/wp\/v2\/users\/3"}],"version-history":[{"count":0,"href":"https:\/\/compass.hr\/de\/wp-json\/wp\/v2\/properties\/36767\/revisions"}],"wp:featuredmedia":[{"embeddable":true,"href":"https:\/\/compass.hr\/de\/wp-json\/wp\/v2\/media\/38345"}],"wp:attachment":[{"href":"https:\/\/compass.hr\/de\/wp-json\/wp\/v2\/media?parent=36767"}],"wp:term":[{"taxonomy":"property_type","embeddable":true,"href":"https:\/\/compass.hr\/de\/wp-json\/wp\/v2\/property_type?post=36767"},{"taxonomy":"property_status","embeddable":true,"href":"https:\/\/compass.hr\/de\/wp-json\/wp\/v2\/property_status?post=36767"},{"taxonomy":"property_feature","embeddable":true,"href":"https:\/\/compass.hr\/de\/wp-json\/wp\/v2\/property_feature?post=36767"},{"taxonomy":"property_label","embeddable":true,"href":"https:\/\/compass.hr\/de\/wp-json\/wp\/v2\/property_label?post=36767"},{"taxonomy":"property_state","embeddable":true,"href":"https:\/\/compass.hr\/de\/wp-json\/wp\/v2\/property_state?post=36767"},{"taxonomy":"property_city","embeddable":true,"href":"https:\/\/compass.hr\/de\/wp-json\/wp\/v2\/property_city?post=36767"},{"taxonomy":"property_area","embeddable":true,"href":"https:\/\/compass.hr\/de\/wp-json\/wp\/v2\/property_area?post=36767"}],"curies":[{"name":"wp","href":"https:\/\/api.w.org\/{rel}","templated":true}]}}